{"id":578,"date":"2024-01-08T19:33:27","date_gmt":"2024-01-08T19:33:27","guid":{"rendered":"https:\/\/parroquialanatividad.org\/?page_id=578"},"modified":"2025-12-12T12:49:42","modified_gmt":"2025-12-12T12:49:42","slug":"lectio-divina-misa-de-medianoche-nochebuena","status":"publish","type":"page","link":"https:\/\/parroquialanatividad.org\/?page_id=578","title":{"rendered":"LECTIO DIVINA \u2013 MISA DE MEDIANOCHE \u2013 NOCHEBUENA"},"content":{"rendered":"\n<div class=\"wp-block-file alignright\"><a id=\"wp-block-file--media-1f90e463-e626-43dc-b9ae-043ae6d714d3\" href=\"https:\/\/parroquialanatividad.org\/wp-content\/uploads\/2025\/12\/LECTIO-NOCHEBUENA-.pdf\" target=\"_blank\" rel=\"noreferrer noopener\">LECTIO &#8211; NOCHEBUENA<\/a><a href=\"https:\/\/parroquialanatividad.org\/wp-content\/uploads\/2025\/12\/LECTIO-NOCHEBUENA-.pdf\" class=\"wp-block-file__button wp-element-button\" download aria-describedby=\"wp-block-file--media-1f90e463-e626-43dc-b9ae-043ae6d714d3\">Descargar<\/a><\/div>\n\n\n<h3><strong>Lectura del libro de Isa\u00edas 9, 1-6<\/strong><\/h3>\n<p>El pueblo que caminaba en tinieblas vio una luz grande; habitaba en tierra y sombras de muerte, y una luz les brill\u00f3.<\/p>\n<p>Acreciste la alegr\u00eda, aumentaste el gozo; se gozan en tu presencia, como gozan al segar, como se alegran al repartirse el bot\u00edn.<\/p>\n<p>Porque la vara del opresor, el yugo de su carga, el bast\u00f3n de su hombro, los quebrantaste como el d\u00eda de Madi\u00e1n.<\/p>\n<p>Porque la bota que pisa con estr\u00e9pito y la t\u00fanica empapada de sangre ser\u00e1n combustible, pasto del fuego.<\/p>\n<p>Porque un ni\u00f1o nos ha nacido, un hijo se nos ha dado: lleva a hombros el principado, y es su nombre:<\/p>\n<p>\u00abMaravilla de Consejero, Dios fuerte, Padre de eternidad, Pr\u00edncipe de la paz\u00bb.<\/p>\n<p>Para dilatar el principado, con una paz sin l\u00edmites, sobre el trono de David y sobre su reino.<\/p>\n<p>Para sostenerlo y consolidarlo con la justicia y el derecho, desde ahora y por siempre.<br \/>El celo del Se\u00f1or del universo lo realizar\u00e1.<\/p>\n<h3><strong>Salmo 95, 1-2a. 2b-3. 11-12. 13<\/strong><\/h3>\n<h4><strong>R.\/ Hoy nos ha nacido un Salvador: el Mes\u00edas, el Se\u00f1or.<\/strong><\/h4>\n<p>Cantad al Se\u00f1or un c\u00e1ntico nuevo,<br \/>cantad al Se\u00f1or, toda la tierra;<br \/>cantad al Se\u00f1or, bendecid su nombre. R.\/<\/p>\n<p>Proclamad d\u00eda tras d\u00eda su victoria.<br \/>Contad a los pueblos su gloria,<br \/>sus maravillas a todas las naciones. R.\/<\/p>\n<p>Al\u00e9grese el cielo, goce la tierra,<br \/>retumbe el mar y cuanto lo llena;<br \/>vitoreen los campos y cuanto hay en ellos,<br \/>aclamen los \u00e1rboles del bosque. R.\/<\/p>\n<p>Delante del Se\u00f1or, que ya llega,<br \/>ya llega a regir la tierra:<br \/>regir\u00e1 el orbe con justicia<br \/>y los pueblos con fidelidad. R.\/<\/p>\n<h3><strong>Lectura de la carta del ap\u00f3stol san Pablo a Tito 2, 11-14<\/strong><\/h3>\n<p>Querido hermano:<\/p>\n<p>Se ha manifestado la gracia de Dios, que trae la salvaci\u00f3n para todos los hombres, ense\u00f1\u00e1ndonos a que, renunciando a la impiedad y a los deseos mundanos, llevemos ya desde ahora una vida sobria, justa y piadosa, aguardando la dicha que esperamos y la manifestaci\u00f3n de la gloria del gran Dios y Salvador nuestro, Jesucristo, el cual se entreg\u00f3 por nosotros para rescatarnos de toda iniquidad y purificar para s\u00ed un pueblo de su propiedad, dedicado enteramente a las buenas obras.<\/p>\n<h3><strong>ALELUYA. Cf. Lc 2, 10-11<\/strong><\/h3>\n<p>R.\/ Aleluya, aleluya, aleluya.<\/p>\n<p>Os anuncio una buena noticia: hoy nos ha nacido un Salvador, el Mes\u00edas, el Se\u00f1or. R.\/<\/p>\n<h3><strong>Lectura del santo Evangelio seg\u00fan san Lucas 2, 1-14<\/strong><\/h3>\n<p>Sucedi\u00f3 en aquellos d\u00edas que sali\u00f3 un decreto del emperador Augusto, ordenando que se empadronase todo el Imperio.<\/p>\n<p>Este primer empadronamiento se hizo siendo Cirino gobernador de Siria. Y todos iban a empadronarse, cada cual a su ciudad.<\/p>\n<p>Tambi\u00e9n Jos\u00e9, por ser de la casa y familia de David, subi\u00f3 desde la ciudad de Nazaret, en Galilea, a la ciudad de David, que se llama Bel\u00e9n, en Judea, para empadronarse con su esposa Mar\u00eda, que estaba encinta. Y sucedi\u00f3 que, mientras estaban all\u00ed, le lleg\u00f3 a ella el tiempo del parto y dio a luz a su hijo primog\u00e9nito, lo envolvi\u00f3 en pa\u00f1ales y lo recost\u00f3 en un pesebre, porque no hab\u00eda sitio para ellos en la posada.<\/p>\n<p>En aquella misma regi\u00f3n hab\u00eda unos pastores que pasaban la noche al aire libre, velando por turno su reba\u00f1o.<\/p>\n<p>De repente un \u00e1ngel del Se\u00f1or se les present\u00f3; la gloria del Se\u00f1or los envolvi\u00f3 de claridad, y se llenaron de gran temor.<\/p>\n<p>El \u00e1ngel les dijo: \u00abNo tem\u00e1is, os anuncio una buena noticia que ser\u00e1 de gran alegr\u00eda para todo el pueblo: hoy, en la ciudad de David, os ha nacido un Salvador, el Mes\u00edas, el Se\u00f1or. Y aqu\u00ed ten\u00e9is la se\u00f1al: encontrar\u00e9is un ni\u00f1o envuelto en pa\u00f1ales y acostado en un pesebre\u00bb.<\/p>\n<p>De pronto, en torno al \u00e1ngel, apareci\u00f3 una legi\u00f3n del ej\u00e9rcito celestial, que alababa a Dios diciendo:<\/p>\n<p>\u00abGloria a Dios en el cielo, y en la tierra paz a los hombres de buena voluntad\u00bb.<\/p>\n<h3><strong>COMENTARIO<\/strong><\/h3>\n<p>Todas las lecturas de la misa de medianoche del d\u00eda 24 de diciembre nos introducen en el misterio de la Navidad. El recorrido se inicia con el profeta Isa\u00edas, que anuncia jubiloso el fin de la dominaci\u00f3n enemiga gracias al nacimiento del \u201cpr\u00edncipe de la paz\u201d. La segunda lectura proclama esperanzada una salvaci\u00f3n universal y se\u00f1ala a Jes\u00fas como aquel que ha venido a mostrarnos el camino del bien. Por \u00faltimo, el evangelio seg\u00fan san Lucas narra en clave teol\u00f3gica el nacimiento del salvador esperado, del pr\u00edncipe de la paz anunciado, nos relata c\u00f3mo se celebr\u00f3 la primera navidad, pero, sobre todo, expresa el profundo significado que tiene el nacimiento de Jes\u00fas para toda la humanidad. S\u00f3lo queda que cada uno de nosotros y nuestra comunidad acojamos su venida.<\/p>\n<h3><strong>COMPRENDER EL TEXTO<\/strong><\/h3>\n<p>El evangelio de hoy est\u00e1 tomado del relato de la infancia de Jes\u00fas seg\u00fan san Lucas (1-2). Mateo tiene tambi\u00e9n un relato que narra el nacimiento de Jes\u00fas. Aunque estos relatos se encuentran ahora en el comienzo de ambos evangelios, fueron compuestos m\u00e1s tarde que el resto de los relatos evang\u00e9licos. En ellos encontramos sobre todo la fe de las comunidades cristianas que ve\u00edan en el ni\u00f1o nacido en Bel\u00e9n al Se\u00f1or resucitado a quien ellos adoraban. Para componer estos relatos utilizaron g\u00e9neros literarios, es decir, formas de escribir habituales en aquella \u00e9poca para narrar el nacimiento de personajes famosos (relatos de anunciaci\u00f3n, nacimientos milagrosos&#8230;) por eso nosotros, m\u00e1s que tomarlos al pie de la letra, buscamos la fe que en ellos dejaron reflejada los primeros cristianos y que se ha mantenido viva en la Iglesia.<\/p>\n<p>Lucas, en los dos primeros cap\u00edtulos de su evangelio, relata en paralelo las infancias de Juan Bautista y de Jes\u00fas. Es f\u00e1cil identificar algunos elementos comunes: anuncio del nacimiento de Juan y tambi\u00e9n de Jes\u00fas, nacimiento de ambos&#8230;; de este modo, el evangelista intenta mostrar que Jes\u00fas es superior a los profetas del Antiguo Testamento, representados por el Bautista. Adem\u00e1s, con Jes\u00fas se inaugura el tiempo del Reinado de Dios. Por eso estos dos cap\u00edtulos rebosan de alegr\u00eda y de continuas alabanzas por el nacimiento del Salvador.<\/p>\n<p>El relato del nacimiento de Jes\u00fas est\u00e1 contado en tres escenas. Dos de ellas las leemos en la misa del gallo y la tercera el d\u00eda 1 de enero.<\/p>\n<p>La primera escena (Lc 2,1-7) se detiene en algunos detalles que rodearon el nacimiento de Jes\u00fas porque quiere relacionarlos con la historia de su tiempo.<\/p>\n<p>Lucas dice que el censo de Quirino se realiz\u00f3 en todo el imperio romano. Al colocar este hecho en relaci\u00f3n con el nacimiento de Jes\u00fas est\u00e1 dando a entender que su venida al mundo es un acontecimiento que tambi\u00e9n afecta a todo el Imperio. Subraya tambi\u00e9n que Jes\u00fas naci\u00f3 en Bel\u00e9n, \u201cla ciudad de David\u201d. En ella hab\u00eda nacido el rey m\u00e1s grande de Israel, y por eso muchos jud\u00edos esperaban que el Mes\u00edas naciera de la familia de David y en su mismo pueblo. Lucas muestra que esto se cumple en Jes\u00fas, adoptado por Jos\u00e9, que era de la familia y del pueblo de David.<\/p>\n<p>La segunda escena (Lc 2,8-14) dice que un \u00e1ngel, un mensajero de Dios, anuncia este nacimiento a unos pastores. Pero si nos fijamos bien, descubriremos que lo importante no es esto. Lo que al evangelista le interesa es decir qui\u00e9n es el nacido y cu\u00e1l es el sentido de su nacimiento. Esto se expresa en los t\u00edtulos que el \u00e1ngel da al ni\u00f1o. Para entender mejor el significado de estos t\u00edtulos es necesario saber que el emperador romano se denominaba \u201csalvador\u201d, que la espera de un Mes\u00edas calaba hondo entre los jud\u00edos y que a Dios se le llamaba \u201cSe\u00f1or\u201d.<\/p>\n<p>Es necesario destacar tambi\u00e9n algunas paradojas que encontramos en el evangelio de hoy: el emperador cree manejar la historia con un edicto, pero es Dios quien la dirige a trav\u00e9s de un ni\u00f1o; en la oscuridad de la noche brilla la luz; la gloria de Dios se manifiesta en un reci\u00e9n nacido; los marginados, los pastores, son los primeros invitados&#8230;<\/p>\n<p>Este relato del nacimiento de Jes\u00fas no es s\u00f3lo un recuerdo entra\u00f1able, sino que encierra un mensaje de fe para nosotros. Este mensaje puede ayudarnos a celebrar la Navidad con la misma actitud de los pastores y a entenderla como una realidad que se actualiza cada d\u00eda si tenemos los ojos abiertos y el coraz\u00f3n atento. Para esto es para lo que nos hemos venido preparando durante todo el Adviento.<\/p>\n<h3><strong>ACTUALIZAMOS<\/strong><\/h3>\n<p>Dios se ha hecho carne, ha aceptado envolverse en la fragilidad e impotencia de un reci\u00e9n nacido. Es un acontecimiento que no puede dejarnos indiferentes. Es preciso que le prestemos nuestra vida para que en las circunstancias hist\u00f3ricas actuales se manifieste como el Salvador, el Mes\u00edas y el Se\u00f1or del mundo.<\/p>\n<ol>\n<li><strong>\u201c<em>Hoy os ha nacido un Salvador<\/em>\u201d, hoy se hace presente la gracia de Dios.<\/strong><\/li>\n<\/ol>\n<p>\u00bfCreo y veo hoy, ahora, la liberaci\u00f3n de Dios? \u00bfD\u00f3nde? \u00bfC\u00f3mo?<\/p>\n<ol start=\"2\">\n<li><strong>El nacimiento de Jes\u00fas es buena noticia.<\/strong><\/li>\n<\/ol>\n<p>\u00bfQu\u00e9 puedo hacer para que esta buena noticia se haga realidad en mi vida?<\/p>\n<p>\u00bfQu\u00e9 podemos hacer como comunidad y como Iglesia?<\/p>\n<ol start=\"3\">\n<li><strong>El relato del nacimiento de Jes\u00fas est\u00e1 lleno de alegr\u00eda por su venida.<\/strong><\/li>\n<\/ol>\n<p>\u00bfEs tambi\u00e9n la alegr\u00eda una actitud en mi vida?<\/p>\n<p>\u00bfDe d\u00f3nde brota la alegr\u00eda con la que celebramos la Navidad?<\/p>","protected":false},"excerpt":{"rendered":"<p>Lectura del libro de Isa\u00edas 9, 1-6 El pueblo que caminaba en tinieblas vio una luz grande; habitaba en tierra y sombras de muerte, y una luz les brill\u00f3. Acreciste la alegr\u00eda, aumentaste el gozo; se gozan en tu presencia, como gozan al segar, como se alegran al repartirse el bot\u00edn. Porque la vara del &hellip; <\/p>\n<p class=\"link-more\"><a href=\"https:\/\/parroquialanatividad.org\/?page_id=578\" class=\"more-link\">Continuar leyendo<span class=\"screen-reader-text\"> \u00abLECTIO DIVINA \u2013 MISA DE MEDIANOCHE \u2013 NOCHEBUENA\u00bb<\/span><\/a><\/p>\n","protected":false},"author":3,"featured_media":0,"parent":0,"menu_order":0,"comment_status":"closed","ping_status":"closed","template":"","meta":{"footnotes":""},"ppma_author":[52],"class_list":["post-578","page","type-page","status-publish","hentry"],"post_mailing_queue_ids":[],"_links":{"self":[{"href":"https:\/\/parroquialanatividad.org\/index.php?rest_route=\/wp\/v2\/pages\/578"}],"collection":[{"href":"https:\/\/parroquialanatividad.org\/index.php?rest_route=\/wp\/v2\/pages"}],"about":[{"href":"https:\/\/parroquialanatividad.org\/index.php?rest_route=\/wp\/v2\/types\/page"}],"author":[{"embeddable":true,"href":"https:\/\/parroquialanatividad.org\/index.php?rest_route=\/wp\/v2\/users\/3"}],"replies":[{"embeddable":true,"href":"https:\/\/parroquialanatividad.org\/index.php?rest_route=%2Fwp%2Fv2%2Fcomments&post=578"}],"version-history":[{"count":7,"href":"https:\/\/parroquialanatividad.org\/index.php?rest_route=\/wp\/v2\/pages\/578\/revisions"}],"predecessor-version":[{"id":3143,"href":"https:\/\/parroquialanatividad.org\/index.php?rest_route=\/wp\/v2\/pages\/578\/revisions\/3143"}],"wp:attachment":[{"href":"https:\/\/parroquialanatividad.org\/index.php?rest_route=%2Fwp%2Fv2%2Fmedia&parent=578"}],"wp:term":[{"taxonomy":"author","embeddable":true,"href":"https:\/\/parroquialanatividad.org\/index.php?rest_route=%2Fwp%2Fv2%2Fppma_author&post=578"}],"curies":[{"name":"wp","href":"https:\/\/api.w.org\/{rel}","templated":true}]}}